{"id":15,"date":"2020-11-29T23:27:50","date_gmt":"2020-11-29T23:27:50","guid":{"rendered":"https:\/\/sompirineu.cat\/senderia\/?page_id=15"},"modified":"2025-05-23T17:33:12","modified_gmt":"2025-05-23T15:33:12","slug":"historia","status":"publish","type":"page","link":"https:\/\/sompirineu.cat\/senderia\/historia\/","title":{"rendered":"Hist\u00f2ria: d\u2019un butllet\u00ed a una revista"},"content":{"rendered":"\t\t<div data-elementor-type=\"wp-page\" data-elementor-id=\"15\" class=\"elementor elementor-15\" data-elementor-post-type=\"page\">\n\t\t\t\t\t\t<section class=\"elementor-section elementor-top-section elementor-element elementor-element-62db8214 elementor-section-boxed elementor-section-height-default elementor-section-height-default\" data-id=\"62db8214\" data-element_type=\"section\" data-settings=\"{&quot;background_background&quot;:&quot;classic&quot;}\">\n\t\t\t\t\t\t<div class=\"elementor-container elementor-column-gap-default\">\n\t\t\t\t\t<div class=\"elementor-column elementor-col-100 elementor-top-column elementor-element elementor-element-33564055\" data-id=\"33564055\" data-element_type=\"column\">\n\t\t\t<div class=\"elementor-widget-wrap elementor-element-populated\">\n\t\t\t\t\t\t<div class=\"elementor-element elementor-element-fa3e8d4 elementor-widget elementor-widget-spacer\" data-id=\"fa3e8d4\" data-element_type=\"widget\" data-widget_type=\"spacer.default\">\n\t\t\t\t<div class=\"elementor-widget-container\">\n\t\t\t\t\t\t\t<div class=\"elementor-spacer\">\n\t\t\t<div class=\"elementor-spacer-inner\"><\/div>\n\t\t<\/div>\n\t\t\t\t\t\t<\/div>\n\t\t\t\t<\/div>\n\t\t\t\t<div class=\"elementor-element elementor-element-8a210df elementor-widget elementor-widget-heading\" data-id=\"8a210df\" data-element_type=\"widget\" data-widget_type=\"heading.default\">\n\t\t\t\t<div class=\"elementor-widget-container\">\n\t\t\t\t\t<h1 class=\"elementor-heading-title elementor-size-default\">Hist\u00f2ria: d\u2019un butllet\u00ed a una revista<\/h1>\t\t\t\t<\/div>\n\t\t\t\t<\/div>\n\t\t\t\t<div class=\"elementor-element elementor-element-32033f5 elementor-widget-divider--view-line elementor-widget elementor-widget-global elementor-global-6066 elementor-widget-divider\" data-id=\"32033f5\" data-element_type=\"widget\" data-widget_type=\"divider.default\">\n\t\t\t\t<div class=\"elementor-widget-container\">\n\t\t\t\t\t\t\t<div class=\"elementor-divider\">\n\t\t\t<span class=\"elementor-divider-separator\">\n\t\t\t\t\t\t<\/span>\n\t\t<\/div>\n\t\t\t\t\t\t<\/div>\n\t\t\t\t<\/div>\n\t\t\t\t<section class=\"elementor-section elementor-inner-section elementor-element elementor-element-ec2ac08 elementor-section-boxed elementor-section-height-default elementor-section-height-default\" data-id=\"ec2ac08\" data-element_type=\"section\">\n\t\t\t\t\t\t<div class=\"elementor-container elementor-column-gap-default\">\n\t\t\t\t\t<div class=\"elementor-column elementor-col-50 elementor-inner-column elementor-element elementor-element-1407016\" data-id=\"1407016\" data-element_type=\"column\">\n\t\t\t<div class=\"elementor-widget-wrap elementor-element-populated\">\n\t\t\t\t\t\t<div class=\"elementor-element elementor-element-501ac2bf elementor-widget elementor-widget-text-editor\" data-id=\"501ac2bf\" data-element_type=\"widget\" data-widget_type=\"text-editor.default\">\n\t\t\t\t<div class=\"elementor-widget-container\">\n\t\t\t\t\t\t\t\t\t<p>El mes d\u2019abril de 2014, veia la llum el primer n\u00famero del&nbsp;<strong>butllet\u00ed mensual SENd\u00c8RIA<\/strong>. Aquest nom era \u2014i \u00e9s\u2014 una paraula inventada que podria significar \u201cd\u00e8ria pels senders\u201d o tamb\u00e9 \u201cposar seny o senderi a la gesti\u00f3 dels camins\u201d. Segurament era la primera vegada que una publicaci\u00f3 peri\u00f2dica es dedicava \u00edntegrament al m\u00f3n dels camins.&nbsp;En total, m\u00e9s d\u2019un miler de persones n\u2019eren seguidors habituals.<\/p>\n<p><span style=\"font-style: inherit; font-weight: inherit;\">Amb un format artesanal, aquella aventura va durar 100 n\u00fameros \u2014o 9 anys justos. Primer, mitjan\u00e7ant <a href=\"https:\/\/sompirineu.cat\/senderia\/butlletins\/\">un full en format pdf<\/a> que es distribu\u00efa per correu electr\u00f2nic i, posteriorment, a trav\u00e9s d\u2019una p\u00e0gina web.&nbsp;<\/span>Els continguts d\u2019aquells 100 n\u00fameros es poden consultar en aquesta mateixa p\u00e0gina web,&nbsp; dins la secci\u00f3 <span style=\"font-style: inherit; font-weight: inherit;\">\u201c<\/span><a style=\"font-style: inherit; font-weight: inherit; background-color: #ffffff;\" href=\"https:\/\/sompirineu.cat\/senderia\/cercador-de-butlletins\/\">Arxiu butlletins<\/a><span style=\"font-style: inherit; font-weight: inherit;\">\u201d (val la pena fer-ho, veureu que moltes reflexions i aportacions segueixen plenament vigents).<\/span><\/p>\n<p>El butllet\u00ed SENd\u00c8RIA va<span style=\"font-style: inherit; font-weight: inherit;\">&nbsp;permetre explicar la lloable i merit\u00f2ria tasca que impulsa la <\/span><a style=\"font-style: inherit; font-weight: inherit; background-color: #ffffff;\" href=\"https:\/\/www.sompirineu.cat\/camins\" target=\"_blank\" rel=\"noopener\">Taula de Camins de l\u2019Alt Pirineu i Aran<\/a><span style=\"font-style: inherit; font-weight: inherit;\">. Els continguts estaven relacionats amb els camins i les activitats que en fan \u00fas com el senderisme o el cicloturisme. Les sis seccions del butllet\u00ed inclo\u00efen una fotografia de portada amb una frase per pensar, not\u00edcies d\u2019actualitat, articles d\u2019opini\u00f3 firmats per experts, rutes proposades per personatges de renom, i recomanacions de llibres i p\u00e0gines web.<\/span><\/p>\n<p><span style=\"color: #ff9900;\"><strong><span style=\"font-style: inherit;\">E<\/span><\/strong><\/span><span style=\"font-style: inherit;\"><span style=\"color: #ff9900;\"><b>L NAIXEMENT DE LA REVISTA<\/b><\/span><br><span style=\"font-weight: inherit;\">L\u2019etapa del butllet\u00ed mensual&nbsp;es tanca&nbsp;l\u2019abril de 2023 i l&#8217;any 2025 se n\u2019inicia una de nova, m\u00e9s ambiciosa: <\/span><\/span><b><span style=\"font-style: inherit;\">una&nbsp;<\/span><span style=\"font-style: inherit;\">revista de qualitat<\/span><span style=\"font-style: inherit;\">&nbsp;que serveixi per reflexionar, de manera pausada, sobre el m\u00f3n dels camins i el caminar<\/span><\/b><span style=\"font-style: inherit; font-weight: inherit;\">. L\u2019IDAPA i la Taula de Camins decideixen fer aquest salt endavant per retrobar-se amb tot el col\u00b7lectiu de persones que en l\u2019etapa anterior van seguir el butllet\u00ed mes a mes, per\u00f2 tamb\u00e9 per engruixir-lo i, perqu\u00e8 no, per fer arribar la d\u00e8ria pels camins m\u00e9s enll\u00e0 del territori pirinenc.<\/span><\/p>\n<p><span style=\"font-style: inherit; font-weight: inherit;\">Aquesta revista mant\u00e9 l\u2019anomenat&nbsp;<\/span><em style=\"font-weight: inherit;\">esperit SENd\u00c8RIA<\/em><span style=\"font-style: inherit; font-weight: inherit;\">. Aix\u00ed, al llarg de les seves <a href=\"https:\/\/sompirineu.cat\/senderia\/seccions\/\">seccions<\/a> hi trobareu com els camins que vertebren el nostre territori s\u00f3n un fil conductor idoni que abra\u00e7a moltes disciplines i que ofereix nombroses oportunitats per al desenvolupament socioecon\u00f2mic per\u00f2 tamb\u00e9 per enfortir la identitat local i generar canvis culturals.<\/span><\/p>\n<p><span style=\"font-style: inherit; font-weight: inherit;\">Us animem, doncs, a aturar-vos una estona, a agafar la nostra revista i a anar-la llegint \u2014i&nbsp;<\/span><span style=\"font-style: inherit; font-weight: inherit;\">assaborint\u2014 a poc a poc. I, un cop acabada la lectura, a posar-vos un cal\u00e7at adequat i <\/span><span style=\"font-style: inherit;\"><b>resseguir, admirar i reivindicar<\/b><\/span><span style=\"font-style: inherit; font-weight: inherit;\"> \u2014de manera serena i tranquil\u00b7la\u2014 <strong>e<\/strong><\/span><span style=\"font-style: inherit;\"><b>ls nostres camins i el nostre territori, el Pirineu<\/b><\/span><span style=\"font-style: inherit; font-weight: inherit;\">.<\/span><\/p>\t\t\t\t\t\t\t\t<\/div>\n\t\t\t\t<\/div>\n\t\t\t\t<div class=\"elementor-element elementor-element-6e764f7 elementor-hidden-mobile elementor-widget elementor-widget-facebook-button\" data-id=\"6e764f7\" data-element_type=\"widget\" data-widget_type=\"facebook-button.default\">\n\t\t\t\t<div class=\"elementor-widget-container\">\n\t\t\t\t\t\t\t<div data-layout=\"standard\" data-colorscheme=\"light\" data-size=\"small\" data-show-faces=\"false\" class=\"elementor-facebook-widget fb-like\" data-href=\"https:\/\/sompirineu.cat\/senderia?p=15\" data-share=\"false\" data-action=\"like\"><\/div>\n\t\t\t\t\t\t<\/div>\n\t\t\t\t<\/div>\n\t\t\t\t\t<\/div>\n\t\t<\/div>\n\t\t\t\t<div class=\"elementor-column elementor-col-50 elementor-inner-column elementor-element elementor-element-306bad9\" data-id=\"306bad9\" data-element_type=\"column\">\n\t\t\t<div class=\"elementor-widget-wrap elementor-element-populated\">\n\t\t\t\t\t\t<div class=\"elementor-element elementor-element-7cdd0ee elementor-widget elementor-widget-image\" data-id=\"7cdd0ee\" data-element_type=\"widget\" data-widget_type=\"image.default\">\n\t\t\t\t<div class=\"elementor-widget-container\">\n\t\t\t\t\t\t\t\t\t\t\t\t\t\t\t\t<a href=\"https:\/\/sompirineu.cat\/senderia\/wp-content\/uploads\/2021\/01\/RLM130822_102BX\u00ae.jpg\" data-elementor-open-lightbox=\"yes\" data-elementor-lightbox-title=\"Cam\u00ed del Port de Rus\" data-elementor-lightbox-description=\"Foto de Rafael L\u00f3pez-Monn\u00e9\" data-e-action-hash=\"#elementor-action%3Aaction%3Dlightbox%26settings%3DeyJpZCI6MTQxMiwidXJsIjoiaHR0cHM6XC9cL3NvbXBpcmluZXUuY2F0XC9zZW5kZXJpYVwvd3AtY29udGVudFwvdXBsb2Fkc1wvMjAyMVwvMDFcL1JMTTEzMDgyMl8xMDJCWFx1MDBhZS5qcGcifQ%3D%3D\">\n\t\t\t\t\t\t\t<img fetchpriority=\"high\" decoding=\"async\" width=\"1024\" height=\"683\" src=\"https:\/\/sompirineu.cat\/senderia\/wp-content\/uploads\/2021\/01\/RLM130822_102BX\u00ae-1024x683.jpg\" class=\"attachment-large size-large wp-image-1412\" alt=\"\" srcset=\"https:\/\/sompirineu.cat\/senderia\/wp-content\/uploads\/2021\/01\/RLM130822_102BX\u00ae-1024x683.jpg 1024w, https:\/\/sompirineu.cat\/senderia\/wp-content\/uploads\/2021\/01\/RLM130822_102BX\u00ae-300x200.jpg 300w, https:\/\/sompirineu.cat\/senderia\/wp-content\/uploads\/2021\/01\/RLM130822_102BX\u00ae-768x512.jpg 768w, https:\/\/sompirineu.cat\/senderia\/wp-content\/uploads\/2021\/01\/RLM130822_102BX\u00ae.jpg 1200w\" sizes=\"(max-width: 1024px) 100vw, 1024px\" \/>\t\t\t\t\t\t\t\t<\/a>\n\t\t\t\t\t\t\t\t\t\t\t\t\t\t\t<\/div>\n\t\t\t\t<\/div>\n\t\t\t\t<div class=\"elementor-element elementor-element-0bded0f elementor-widget elementor-widget-image\" data-id=\"0bded0f\" data-element_type=\"widget\" data-widget_type=\"image.default\">\n\t\t\t\t<div class=\"elementor-widget-container\">\n\t\t\t\t\t\t\t\t\t\t\t\t\t\t\t\t<a href=\"https:\/\/sompirineu.cat\/senderia\/wp-content\/uploads\/2021\/01\/RLM181201_244MJ-scaled.jpg\" data-elementor-open-lightbox=\"yes\" data-elementor-lightbox-title=\"Cam\u00ed de Bausen a la vall de Carlac\" data-elementor-lightbox-description=\"Foto de Rafael L\u00f3pez-Monn\u00e9\" data-e-action-hash=\"#elementor-action%3Aaction%3Dlightbox%26settings%3DeyJpZCI6MTQxMywidXJsIjoiaHR0cHM6XC9cL3NvbXBpcmluZXUuY2F0XC9zZW5kZXJpYVwvd3AtY29udGVudFwvdXBsb2Fkc1wvMjAyMVwvMDFcL1JMTTE4MTIwMV8yNDRNSi1zY2FsZWQuanBnIn0%3D\">\n\t\t\t\t\t\t\t<img decoding=\"async\" width=\"1024\" height=\"683\" src=\"https:\/\/sompirineu.cat\/senderia\/wp-content\/uploads\/2021\/01\/RLM181201_244MJ-1024x683.jpg\" class=\"attachment-large size-large wp-image-1413\" alt=\"\" srcset=\"https:\/\/sompirineu.cat\/senderia\/wp-content\/uploads\/2021\/01\/RLM181201_244MJ-1024x683.jpg 1024w, https:\/\/sompirineu.cat\/senderia\/wp-content\/uploads\/2021\/01\/RLM181201_244MJ-300x200.jpg 300w, https:\/\/sompirineu.cat\/senderia\/wp-content\/uploads\/2021\/01\/RLM181201_244MJ-768x512.jpg 768w, https:\/\/sompirineu.cat\/senderia\/wp-content\/uploads\/2021\/01\/RLM181201_244MJ-1536x1024.jpg 1536w, https:\/\/sompirineu.cat\/senderia\/wp-content\/uploads\/2021\/01\/RLM181201_244MJ-2048x1365.jpg 2048w\" sizes=\"(max-width: 1024px) 100vw, 1024px\" \/>\t\t\t\t\t\t\t\t<\/a>\n\t\t\t\t\t\t\t\t\t\t\t\t\t\t\t<\/div>\n\t\t\t\t<\/div>\n\t\t\t\t\t<\/div>\n\t\t<\/div>\n\t\t\t\t\t<\/div>\n\t\t<\/section>\n\t\t\t\t\t<\/div>\n\t\t<\/div>\n\t\t\t\t\t<\/div>\n\t\t<\/section>\n\t\t\t\t<section class=\"elementor-section elementor-top-section elementor-element elementor-element-e2fd6e8 elementor-section-boxed elementor-section-height-default elementor-section-height-default\" data-id=\"e2fd6e8\" data-element_type=\"section\">\n\t\t\t\t\t\t<div class=\"elementor-container elementor-column-gap-default\">\n\t\t\t\t\t<div class=\"elementor-column elementor-col-100 elementor-top-column elementor-element elementor-element-9e6b9a1\" data-id=\"9e6b9a1\" data-element_type=\"column\">\n\t\t\t<div class=\"elementor-widget-wrap elementor-element-populated\">\n\t\t\t\t\t\t<div class=\"elementor-element elementor-element-66d6ba3 elementor-widget elementor-widget-spacer\" data-id=\"66d6ba3\" data-element_type=\"widget\" data-widget_type=\"spacer.default\">\n\t\t\t\t<div class=\"elementor-widget-container\">\n\t\t\t\t\t\t\t<div class=\"elementor-spacer\">\n\t\t\t<div class=\"elementor-spacer-inner\"><\/div>\n\t\t<\/div>\n\t\t\t\t\t\t<\/div>\n\t\t\t\t<\/div>\n\t\t\t\t\t<\/div>\n\t\t<\/div>\n\t\t\t\t\t<\/div>\n\t\t<\/section>\n\t\t\t\t<\/div>\n\t\t","protected":false},"excerpt":{"rendered":"<p>Hist\u00f2ria: d\u2019un butllet\u00ed a una revista El mes d\u2019abril de 2014, veia la llum el [&hellip;]<\/p>\n","protected":false},"author":1,"featured_media":0,"parent":0,"menu_order":0,"comment_status":"closed","ping_status":"closed","template":"","meta":{"site-sidebar-layout":"no-sidebar","site-content-layout":"default","ast-site-content-layout":"default","site-content-style":"default","site-sidebar-style":"default","ast-global-header-display":"","ast-banner-title-visibility":"","ast-main-header-display":"","ast-hfb-above-header-display":"","ast-hfb-below-header-display":"","ast-hfb-mobile-header-display":"","site-post-title":"disabled","ast-breadcrumbs-content":"","ast-featured-img":"","footer-sml-layout":"","theme-transparent-header-meta":"default","adv-header-id-meta":"","stick-header-meta":"default","header-above-stick-meta":"","header-main-stick-meta":"","header-below-stick-meta":"","astra-migrate-meta-layouts":"set","ast-page-background-enabled":"default","ast-page-background-meta":{"desktop":{"background-color":"var(--ast-global-color-4)","background-image":"","background-repeat":"repeat","background-position":"center center","background-size":"auto","background-attachment":"scroll","background-type":"","background-media":"","overlay-type":"","overlay-color":"","overlay-opacity":"","overlay-gradient":""},"tablet":{"background-color":"","background-image":"","background-repeat":"repeat","background-position":"center center","background-size":"auto","background-attachment":"scroll","background-type":"","background-media":"","overlay-type":"","overlay-color":"","overlay-opacity":"","overlay-gradient":""},"mobile":{"background-color":"","background-image":"","background-repeat":"repeat","background-position":"center center","background-size":"auto","background-attachment":"scroll","background-type":"","background-media":"","overlay-type":"","overlay-color":"","overlay-opacity":"","overlay-gradient":""}},"ast-content-background-meta":{"desktop":{"background-color":"var(--ast-global-color-5)","background-image":"","background-repeat":"repeat","background-position":"center center","background-size":"auto","background-attachment":"scroll","background-type":"","background-media":"","overlay-type":"","overlay-color":"","overlay-opacity":"","overlay-gradient":""},"tablet":{"background-color":"var(--ast-global-color-5)","background-image":"","background-repeat":"repeat","background-position":"center center","background-size":"auto","background-attachment":"scroll","background-type":"","background-media":"","overlay-type":"","overlay-color":"","overlay-opacity":"","overlay-gradient":""},"mobile":{"background-color":"var(--ast-global-color-5)","background-image":"","background-repeat":"repeat","background-position":"center center","background-size":"auto","background-attachment":"scroll","background-type":"","background-media":"","overlay-type":"","overlay-color":"","overlay-opacity":"","overlay-gradient":""}},"footnotes":""},"class_list":["post-15","page","type-page","status-publish","hentry"],"_links":{"self":[{"href":"https:\/\/sompirineu.cat\/senderia\/wp-json\/wp\/v2\/pages\/15","targetHints":{"allow":["GET"]}}],"collection":[{"href":"https:\/\/sompirineu.cat\/senderia\/wp-json\/wp\/v2\/pages"}],"about":[{"href":"https:\/\/sompirineu.cat\/senderia\/wp-json\/wp\/v2\/types\/page"}],"author":[{"embeddable":true,"href":"https:\/\/sompirineu.cat\/senderia\/wp-json\/wp\/v2\/users\/1"}],"replies":[{"embeddable":true,"href":"https:\/\/sompirineu.cat\/senderia\/wp-json\/wp\/v2\/comments?post=15"}],"version-history":[{"count":161,"href":"https:\/\/sompirineu.cat\/senderia\/wp-json\/wp\/v2\/pages\/15\/revisions"}],"predecessor-version":[{"id":6355,"href":"https:\/\/sompirineu.cat\/senderia\/wp-json\/wp\/v2\/pages\/15\/revisions\/6355"}],"wp:attachment":[{"href":"https:\/\/sompirineu.cat\/senderia\/wp-json\/wp\/v2\/media?parent=15"}],"curies":[{"name":"wp","href":"https:\/\/api.w.org\/{rel}","templated":true}]}}